{"id":44632,"date":"2024-06-11T11:24:06","date_gmt":"2024-06-11T14:24:06","guid":{"rendered":"https:\/\/blog3.alquilerargentina.com\/?page_id=44632"},"modified":"2025-01-29T16:17:10","modified_gmt":"2025-01-29T19:17:10","slug":"home","status":"publish","type":"page","link":"https:\/\/www.alquilerargentina.com\/blog\/","title":{"rendered":"Home"},"content":{"rendered":"<section class=\"l-section wpb_row height_auto width_full color_footer-top\"><div class=\"l-section-h i-cf\"><div class=\"g-cols vc_row via_grid cols_1 laptops-cols_inherit tablets-cols_inherit mobiles-cols_1 valign_top type_default stacking_default\"><div class=\"wpb_column vc_column_container\"><div class=\"vc_column-inner\"><div class=\"w-grid type_carousel layout_44857 cols_2 overflow_hidden\" id=\"us_grid_1\" style=\"--gap:pxpxpxpxpxpxpxpxpxpxpxpxpxpxpxpxpxpxpxpxpxpxpxpxpxpxpxpxpxpxpxpxpxpxpxpxpxpx;\"><style>@media (min-width:1024px){#us_grid_1 .w-post-elm.post_title{font-size:calc(1rem + 1vw)!important}}.layout_44857 .w-grid-item-h{}.layout_44857 .usg_post_image_1{transition-duration:0.3s;transform-origin:50% 50%;transform:scale(1) translate(0%,0%)}.layout_44857 .w-grid-item-h:hover .usg_post_image_1{transform:scale(1.1) translate(0%,0%);opacity:1}.layout_44857 .usg_vwrapper_1{position:absolute!important;right:0!important;bottom:0!important;left:0!important;background:linear-gradient(transparent,rgba(30,30,30,0.8))!important;padding:5rem 8% 1.5rem 8%!important}.layout_44857 .usg_post_title_1{color:#fff!important;font-size:1.2rem!important;font-weight:700!important;margin-bottom:0.3rem!important}.layout_44857 .usg_post_date_1{color:#fff!important;font-size:0.9rem!important}.layout_44857 .usg_post_taxonomy_1{font-weight:700!important;text-transform:uppercase!important;font-size:10px!important}<\/style><div class=\"w-grid-list owl-carousel navstyle_block navpos_inside first_at_center\" style=\"--arrows-size:3rem;\">\t<article class=\"w-grid-item post-45377 post type-post status-publish format-standard has-post-thumbnail hentry category-alojamientos category-novedades\" data-id=\"45377\">\r\n\t\t<div class=\"w-grid-item-h\">\r\n\t\t\t\t\t\t<div class=\"w-post-elm post_image usg_post_image_1 stretched\"><a href=\"https:\/\/www.alquilerargentina.com\/blog\/alojamientos\/cuales-son-los-5-mejores-carnavales-de-argentina.html\" aria-label=\"Cu\u00e1les son los 5 mejores carnavales de Argentina\"><img loading=\"lazy\" decoding=\"async\" width=\"1000\" height=\"700\" src=\"https:\/\/blog3.alquilerargentina.com\/wp-content\/uploads\/2025\/01\/Carnaval.png\" class=\"attachment-full size-full wp-post-image\" alt=\"\" srcset=\"https:\/\/blog3.alquilerargentina.com\/wp-content\/uploads\/2025\/01\/Carnaval.png 1000w, https:\/\/blog3.alquilerargentina.com\/wp-content\/uploads\/2025\/01\/Carnaval-300x210.png 300w, https:\/\/blog3.alquilerargentina.com\/wp-content\/uploads\/2025\/01\/Carnaval-44x31.png 44w, https:\/\/blog3.alquilerargentina.com\/wp-content\/uploads\/2025\/01\/Carnaval-571x400.png 571w\" sizes=\"(max-width: 1000px) 100vw, 1000px\" \/><\/a><\/div><div class=\"w-vwrapper usg_vwrapper_1 align_none valign_bottom\"><div class=\"w-post-elm post_taxonomy usg_post_taxonomy_1 style_badge color_link_inherit\"><div class=\"w-post-elm-list\"><a class=\"w-btn us-btn-style_badge term-3 term-alojamientos\" href=\"https:\/\/www.alquilerargentina.com\/blog\/category\/alojamientos\"><span class=\"w-btn-label\">Alojamientos<\/span><\/a><a class=\"w-btn us-btn-style_badge term-55 term-novedades\" href=\"https:\/\/www.alquilerargentina.com\/blog\/category\/novedades\"><span class=\"w-btn-label\">Novedades<\/span><\/a><\/div><\/div><h2 class=\"w-post-elm post_title usg_post_title_1 has_text_color entry-title color_link_inherit\"><a href=\"https:\/\/www.alquilerargentina.com\/blog\/alojamientos\/cuales-son-los-5-mejores-carnavales-de-argentina.html\">Cu\u00e1les son los 5 mejores carnavales de Argentina<\/a><\/h2><time class=\"w-post-elm post_date usg_post_date_1 has_text_color entry-date published\" datetime=\"2025-01-23T10:56:28-03:00\" title=\"23 enero 2025 a las 10:56:28 -03:00\">hace 1 a\u00f1o<\/time><\/div>\t\t<\/div>\r\n\t\t\t<\/article>\r\n\t<article class=\"w-grid-item post-21348 post type-post status-publish format-standard has-post-thumbnail hentry category-destinos\" data-id=\"21348\">\r\n\t\t<div class=\"w-grid-item-h\">\r\n\t\t\t\t\t\t<div class=\"w-post-elm post_image usg_post_image_1 stretched\"><a href=\"https:\/\/www.alquilerargentina.com\/blog\/destinos\/3-playas-en-las-grutas.html\" aria-label=\"3 playas imperidibles para visitar en Las Grutas\"><img loading=\"lazy\" decoding=\"async\" width=\"1000\" height=\"700\" src=\"https:\/\/blog3.alquilerargentina.com\/wp-content\/uploads\/2025\/01\/Carnaval-1.png\" class=\"attachment-full size-full wp-post-image\" alt=\"\" srcset=\"https:\/\/blog3.alquilerargentina.com\/wp-content\/uploads\/2025\/01\/Carnaval-1.png 1000w, https:\/\/blog3.alquilerargentina.com\/wp-content\/uploads\/2025\/01\/Carnaval-1-300x210.png 300w, https:\/\/blog3.alquilerargentina.com\/wp-content\/uploads\/2025\/01\/Carnaval-1-44x31.png 44w, https:\/\/blog3.alquilerargentina.com\/wp-content\/uploads\/2025\/01\/Carnaval-1-571x400.png 571w\" sizes=\"(max-width: 1000px) 100vw, 1000px\" \/><\/a><\/div><div class=\"w-vwrapper usg_vwrapper_1 align_none valign_bottom\"><div class=\"w-post-elm post_taxonomy usg_post_taxonomy_1 style_badge color_link_inherit\"><a class=\"w-btn us-btn-style_badge term-6 term-destinos\" href=\"https:\/\/www.alquilerargentina.com\/blog\/category\/destinos\"><span class=\"w-btn-label\">Destinos<\/span><\/a><\/div><h2 class=\"w-post-elm post_title usg_post_title_1 has_text_color entry-title color_link_inherit\"><a href=\"https:\/\/www.alquilerargentina.com\/blog\/destinos\/3-playas-en-las-grutas.html\">3 playas imperidibles para visitar en Las Grutas<\/a><\/h2><time class=\"w-post-elm post_date usg_post_date_1 has_text_color entry-date published\" datetime=\"2025-01-23T08:00:09-03:00\" title=\"23 enero 2025 a las 08:00:09 -03:00\">hace 1 a\u00f1o<\/time><\/div>\t\t<\/div>\r\n\t\t\t<\/article>\r\n\t<article class=\"w-grid-item post-45335 post type-post status-publish format-standard has-post-thumbnail hentry category-destinos\" data-id=\"45335\">\r\n\t\t<div class=\"w-grid-item-h\">\r\n\t\t\t\t\t\t<div class=\"w-post-elm post_image usg_post_image_1 stretched\"><a href=\"https:\/\/www.alquilerargentina.com\/blog\/destinos\/los-mejores-destinos-para-veranear-en-argentina-en-2025.html\" aria-label=\"Los mejores destinos para veranear en Argentina en 2025\"><img loading=\"lazy\" decoding=\"async\" width=\"1000\" height=\"700\" src=\"https:\/\/blog3.alquilerargentina.com\/wp-content\/uploads\/2024\/12\/Destinos-para-verano-2025.png\" class=\"attachment-full size-full wp-post-image\" alt=\"\" srcset=\"https:\/\/blog3.alquilerargentina.com\/wp-content\/uploads\/2024\/12\/Destinos-para-verano-2025.png 1000w, https:\/\/blog3.alquilerargentina.com\/wp-content\/uploads\/2024\/12\/Destinos-para-verano-2025-300x210.png 300w, https:\/\/blog3.alquilerargentina.com\/wp-content\/uploads\/2024\/12\/Destinos-para-verano-2025-44x31.png 44w, https:\/\/blog3.alquilerargentina.com\/wp-content\/uploads\/2024\/12\/Destinos-para-verano-2025-571x400.png 571w\" sizes=\"(max-width: 1000px) 100vw, 1000px\" \/><\/a><\/div><div class=\"w-vwrapper usg_vwrapper_1 align_none valign_bottom\"><div class=\"w-post-elm post_taxonomy usg_post_taxonomy_1 style_badge color_link_inherit\"><a class=\"w-btn us-btn-style_badge term-6 term-destinos\" href=\"https:\/\/www.alquilerargentina.com\/blog\/category\/destinos\"><span class=\"w-btn-label\">Destinos<\/span><\/a><\/div><h2 class=\"w-post-elm post_title usg_post_title_1 has_text_color entry-title color_link_inherit\"><a href=\"https:\/\/www.alquilerargentina.com\/blog\/destinos\/los-mejores-destinos-para-veranear-en-argentina-en-2025.html\">Los mejores destinos para veranear en Argentina en 2025<\/a><\/h2><time class=\"w-post-elm post_date usg_post_date_1 has_text_color entry-date published\" datetime=\"2024-12-30T13:19:27-03:00\" title=\"30 diciembre 2024 a las 13:19:27 -03:00\">hace 1 a\u00f1o<\/time><\/div>\t\t<\/div>\r\n\t\t\t<\/article>\r\n\t<article class=\"w-grid-item post-17959 post type-post status-publish format-standard has-post-thumbnail hentry category-destinos\" data-id=\"17959\">\r\n\t\t<div class=\"w-grid-item-h\">\r\n\t\t\t\t\t\t<div class=\"w-post-elm post_image usg_post_image_1 stretched\"><a href=\"https:\/\/www.alquilerargentina.com\/blog\/destinos\/balnearios-en-las-sierras-de-cordoba.html\" aria-label=\"8 Imperdibles balnearios en las Sierras de C\u00f3rdoba\"><img loading=\"lazy\" decoding=\"async\" width=\"1000\" height=\"700\" src=\"https:\/\/blog3.alquilerargentina.com\/wp-content\/uploads\/2024\/11\/Cosquin-Rock-2025-1-1.png\" class=\"attachment-full size-full wp-post-image\" alt=\"\" srcset=\"https:\/\/blog3.alquilerargentina.com\/wp-content\/uploads\/2024\/11\/Cosquin-Rock-2025-1-1.png 1000w, https:\/\/blog3.alquilerargentina.com\/wp-content\/uploads\/2024\/11\/Cosquin-Rock-2025-1-1-300x210.png 300w, https:\/\/blog3.alquilerargentina.com\/wp-content\/uploads\/2024\/11\/Cosquin-Rock-2025-1-1-44x31.png 44w, https:\/\/blog3.alquilerargentina.com\/wp-content\/uploads\/2024\/11\/Cosquin-Rock-2025-1-1-571x400.png 571w\" sizes=\"(max-width: 1000px) 100vw, 1000px\" \/><\/a><\/div><div class=\"w-vwrapper usg_vwrapper_1 align_none valign_bottom\"><div class=\"w-post-elm post_taxonomy usg_post_taxonomy_1 style_badge color_link_inherit\"><a class=\"w-btn us-btn-style_badge term-6 term-destinos\" href=\"https:\/\/www.alquilerargentina.com\/blog\/category\/destinos\"><span class=\"w-btn-label\">Destinos<\/span><\/a><\/div><h2 class=\"w-post-elm post_title usg_post_title_1 has_text_color entry-title color_link_inherit\"><a href=\"https:\/\/www.alquilerargentina.com\/blog\/destinos\/balnearios-en-las-sierras-de-cordoba.html\">8 Imperdibles balnearios en las Sierras de C\u00f3rdoba<\/a><\/h2><time class=\"w-post-elm post_date usg_post_date_1 has_text_color entry-date published\" datetime=\"2024-11-26T10:00:13-03:00\" title=\"26 noviembre 2024 a las 10:00:13 -03:00\">hace 1 a\u00f1o<\/time><\/div>\t\t<\/div>\r\n\t\t\t<\/article>\r\n<\/div>\t<div class=\"g-preloader type_1\">\r\n\t\t<div><\/div>\r\n\t<\/div>\r\n\t\t<div class=\"w-grid-json hidden\" onclick='return {&quot;action&quot;:&quot;us_ajax_grid&quot;,&quot;infinite_scroll&quot;:0,&quot;max_num_pages&quot;:1,&quot;pagination&quot;:&quot;none&quot;,&quot;template_vars&quot;:{&quot;columns&quot;:&quot;2&quot;,&quot;exclude_items&quot;:&quot;none&quot;,&quot;img_size&quot;:&quot;full&quot;,&quot;ignore_items_size&quot;:0,&quot;items_layout&quot;:&quot;44857&quot;,&quot;items_offset&quot;:&quot;1&quot;,&quot;load_animation&quot;:&quot;none&quot;,&quot;overriding_link&quot;:&quot;%7B%22url%22%3A%22%22%7D&quot;,&quot;post_id&quot;:0,&quot;query_args&quot;:{&quot;ignore_sticky_posts&quot;:1,&quot;post_type&quot;:&quot;any&quot;,&quot;post__in&quot;:[&quot;45377&quot;,&quot;45335&quot;,&quot;21348&quot;,&quot;17959&quot;],&quot;posts_per_page&quot;:&quot;4&quot;},&quot;orderby_query_args&quot;:{&quot;orderby&quot;:{&quot;date&quot;:&quot;DESC&quot;}},&quot;type&quot;:&quot;carousel&quot;,&quot;us_grid_post_type&quot;:&quot;ids&quot;,&quot;us_grid_ajax_index&quot;:1,&quot;us_grid_filter_params&quot;:[],&quot;us_grid_index&quot;:1,&quot;page_args&quot;:[]},&quot;carousel_settings&quot;:{&quot;autoHeight&quot;:0,&quot;autoplay&quot;:1,&quot;carousel_fade&quot;:0,&quot;center&quot;:1,&quot;dots&quot;:0,&quot;items&quot;:&quot;2&quot;,&quot;loop&quot;:true,&quot;nav&quot;:1,&quot;slideby&quot;:&quot;1&quot;,&quot;smooth_play&quot;:0,&quot;speed&quot;:350,&quot;timeout&quot;:3000,&quot;transition&quot;:&quot;&quot;,&quot;aria_labels&quot;:{&quot;prev&quot;:&quot;Anterior&quot;,&quot;next&quot;:&quot;Siguiente&quot;}},&quot;carousel_breakpoints&quot;:{&quot;0&quot;:{&quot;autoHeight&quot;:0,&quot;autoplay&quot;:1,&quot;autoplayHoverPause&quot;:1,&quot;items&quot;:1,&quot;loop&quot;:true,&quot;stagePadding&quot;:0},&quot;601&quot;:{&quot;autoHeight&quot;:0,&quot;autoplay&quot;:1,&quot;autoplayHoverPause&quot;:1,&quot;items&quot;:2,&quot;loop&quot;:true,&quot;stagePadding&quot;:0},&quot;1025&quot;:{&quot;autoHeight&quot;:0,&quot;autoplay&quot;:1,&quot;autoplayHoverPause&quot;:1,&quot;items&quot;:&quot;2&quot;,&quot;loop&quot;:true,&quot;stagePadding&quot;:0},&quot;1381&quot;:{&quot;items&quot;:2,&quot;stagePadding&quot;:0}}}'><\/div>\r\n\t<\/div><\/div><\/div><\/div><\/div><\/section><section class=\"l-section wpb_row height_medium\"><div class=\"l-section-h i-cf\"><div class=\"g-cols vc_row via_grid cols_2-1 laptops-cols_inherit tablets-cols_inherit mobiles-cols_1 valign_top type_default stacking_default\"><div class=\"wpb_column vc_column_container type_sticky\"><div class=\"vc_column-inner\"><div class=\"w-separator size_medium\"><\/div><h2 class=\"w-text us_custom_4c5481fc\"><span class=\"w-text-h\"><span class=\"w-text-value\">Temporada 2025<\/span><\/span><\/h2><div class=\"w-grid type_grid layout_blog_1 cols_2\" id=\"us_grid_2\" style=\"--gap:1.5rem;\"><style>@media (max-width:600px){#us_grid_2 .w-grid-list{margin:0}#us_grid_2 .w-grid-item{width:100%;padding:0;margin-bottom:var(--gap,0px)}}.layout_blog_1 .w-grid-item-h{}.layout_blog_1 .usg_post_image_1{margin-bottom:0.5rem!important}.layout_blog_1 .usg_post_title_1{font-size:1rem!important}<\/style><div class=\"w-grid-list\">\t<article class=\"w-grid-item size_1x1 post-45377 post type-post status-publish format-standard has-post-thumbnail hentry category-alojamientos category-novedades\" data-id=\"45377\">\r\n\t\t<div class=\"w-grid-item-h\">\r\n\t\t\t\t\t\t<div class=\"w-post-elm post_image usg_post_image_1 stretched\"><a href=\"https:\/\/www.alquilerargentina.com\/blog\/alojamientos\/cuales-son-los-5-mejores-carnavales-de-argentina.html\" aria-label=\"Cu\u00e1les son los 5 mejores carnavales de Argentina\"><img loading=\"lazy\" decoding=\"async\" width=\"1000\" height=\"700\" src=\"https:\/\/blog3.alquilerargentina.com\/wp-content\/uploads\/2025\/01\/Carnaval.png\" class=\"attachment-large size-large wp-post-image\" alt=\"\" srcset=\"https:\/\/blog3.alquilerargentina.com\/wp-content\/uploads\/2025\/01\/Carnaval.png 1000w, https:\/\/blog3.alquilerargentina.com\/wp-content\/uploads\/2025\/01\/Carnaval-300x210.png 300w, https:\/\/blog3.alquilerargentina.com\/wp-content\/uploads\/2025\/01\/Carnaval-44x31.png 44w, https:\/\/blog3.alquilerargentina.com\/wp-content\/uploads\/2025\/01\/Carnaval-571x400.png 571w\" sizes=\"(max-width: 1000px) 100vw, 1000px\" \/><\/a><\/div><h2 class=\"w-post-elm post_title usg_post_title_1 entry-title color_link_inherit\"><a href=\"https:\/\/www.alquilerargentina.com\/blog\/alojamientos\/cuales-son-los-5-mejores-carnavales-de-argentina.html\">Cu\u00e1les son los 5 mejores carnavales de Argentina<\/a><\/h2>\t\t<\/div>\r\n\t\t\t<\/article>\r\n\t<article class=\"w-grid-item size_1x1 post-45298 post type-post status-publish format-standard has-post-thumbnail hentry category-destinos category-oferta\" data-id=\"45298\">\r\n\t\t<div class=\"w-grid-item-h\">\r\n\t\t\t\t\t\t<div class=\"w-post-elm post_image usg_post_image_1 stretched\"><a href=\"https:\/\/www.alquilerargentina.com\/blog\/oferta\/cuanto-sale-viajar-mar-del-plata-mendoza-cordoba.html\" aria-label=\"\u00bfCu\u00e1nto sale viajar a Mar del Plata, C\u00f3rdoba y Mendoza en 2025?\"><img loading=\"lazy\" decoding=\"async\" width=\"1000\" height=\"700\" src=\"https:\/\/blog3.alquilerargentina.com\/wp-content\/uploads\/2024\/12\/cuanto-sale-viajar-1.png\" class=\"attachment-large size-large wp-post-image\" alt=\"\" srcset=\"https:\/\/blog3.alquilerargentina.com\/wp-content\/uploads\/2024\/12\/cuanto-sale-viajar-1.png 1000w, https:\/\/blog3.alquilerargentina.com\/wp-content\/uploads\/2024\/12\/cuanto-sale-viajar-1-300x210.png 300w, https:\/\/blog3.alquilerargentina.com\/wp-content\/uploads\/2024\/12\/cuanto-sale-viajar-1-44x31.png 44w, https:\/\/blog3.alquilerargentina.com\/wp-content\/uploads\/2024\/12\/cuanto-sale-viajar-1-571x400.png 571w\" sizes=\"(max-width: 1000px) 100vw, 1000px\" \/><\/a><\/div><h2 class=\"w-post-elm post_title usg_post_title_1 entry-title color_link_inherit\"><a href=\"https:\/\/www.alquilerargentina.com\/blog\/oferta\/cuanto-sale-viajar-mar-del-plata-mendoza-cordoba.html\">\u00bfCu\u00e1nto sale viajar a Mar del Plata, C\u00f3rdoba y Mendoza en 2025?<\/a><\/h2>\t\t<\/div>\r\n\t\t\t<\/article>\r\n<\/div><div class=\"w-grid-preloader\">\t<div class=\"g-preloader type_1\">\r\n\t\t<div><\/div>\r\n\t<\/div>\r\n\t<\/div>\t<div class=\"w-grid-json hidden\" onclick='return {&quot;action&quot;:&quot;us_ajax_grid&quot;,&quot;infinite_scroll&quot;:0,&quot;max_num_pages&quot;:1,&quot;pagination&quot;:&quot;none&quot;,&quot;template_vars&quot;:{&quot;columns&quot;:&quot;2&quot;,&quot;exclude_items&quot;:&quot;none&quot;,&quot;img_size&quot;:&quot;default&quot;,&quot;ignore_items_size&quot;:0,&quot;items_layout&quot;:&quot;blog_1&quot;,&quot;items_offset&quot;:&quot;1&quot;,&quot;load_animation&quot;:&quot;none&quot;,&quot;overriding_link&quot;:&quot;%7B%22url%22%3A%22%22%7D&quot;,&quot;post_id&quot;:0,&quot;query_args&quot;:{&quot;ignore_sticky_posts&quot;:1,&quot;post_type&quot;:&quot;any&quot;,&quot;post__in&quot;:[&quot;45377&quot;,&quot;45298&quot;],&quot;posts_per_page&quot;:&quot;2&quot;},&quot;orderby_query_args&quot;:{&quot;orderby&quot;:{&quot;date&quot;:&quot;DESC&quot;}},&quot;type&quot;:&quot;grid&quot;,&quot;us_grid_post_type&quot;:&quot;ids&quot;,&quot;us_grid_ajax_index&quot;:2,&quot;us_grid_filter_params&quot;:[],&quot;us_grid_index&quot;:2,&quot;page_args&quot;:[]}}'><\/div>\r\n\t<\/div><div class=\"w-separator size_medium\"><\/div><h2 class=\"w-text us_custom_4c5481fc\"><span class=\"w-text-h\"><span class=\"w-text-value\">Club de Anfitriones<\/span><\/span><\/h2><div class=\"w-grid type_grid layout_44648 cols_2 ratio_1x1\" id=\"us_grid_3\" style=\"--gap:16px;\"><style>@media (max-width:767px){#us_grid_3 .w-grid-list{margin:0}#us_grid_3 .w-grid-item{width:100%;padding:0;margin-bottom:var(--gap,0px)}}#us_grid_3 .w-grid-item-h:before{padding-bottom:100%}.layout_44648 .w-grid-item-h:before{padding-bottom:100%}.layout_44648 .w-grid-item-h{background:var(--color-content-bg);color:var(--color-content-text);border-radius:0.3rem;box-shadow:0 0.03rem 0.06rem rgba(0,0,0,0.1),0 0.1rem 0.3rem rgba(0,0,0,0.1);transition-duration:0.3s}.no-touch .layout_44648 .w-grid-item-h:hover{box-shadow:0 0.1rem 0.2rem rgba(0,0,0,0.1),0 0.33rem 1rem rgba(0,0,0,0.15);z-index:4}.layout_44648 .usg_post_image_1{margin-bottom:-2rem!important}.layout_44648 .usg_post_title_1{font-size:1.2rem!important;font-weight:700!important}.layout_44648 .usg_vwrapper_1{margin-top:2rem!important;padding:16px!important}.layout_44648 .usg_post_date_1{font-size:14px!important}@media (min-width:1025px) and (max-width:1380px){.layout_44648 .usg_post_image_1{margin-bottom:-2rem!important}}@media (min-width:601px) and (max-width:1024px){.layout_44648 .usg_post_image_1{margin-bottom:-2rem!important}}@media (max-width:600px){.layout_44648 .usg_post_image_1{margin-bottom:-2rem!important}.layout_44648 .usg_post_title_1{font-size:1.2rem!important}}<\/style><div class=\"w-grid-list\">\t<article class=\"w-grid-item post-45386 post type-post status-publish format-standard has-post-thumbnail hentry category-duenos\" data-id=\"45386\">\r\n\t\t<div class=\"w-grid-item-h\">\r\n\t\t\t\t\t\t<div class=\"w-post-elm post_image usg_post_image_1 has_ratio\"><div style=\"padding-bottom:75%\"><\/div><a href=\"https:\/\/www.alquilerargentina.com\/blog\/duenos\/como-aumentar-las-visitas-en-tus-anuncios.html\" aria-label=\"C\u00f3mo aumentar  las visitas en tus anuncios\"><img loading=\"lazy\" decoding=\"async\" width=\"1000\" height=\"700\" src=\"https:\/\/blog3.alquilerargentina.com\/wp-content\/uploads\/2025\/01\/Carnaval-2.png\" class=\"attachment-full size-full wp-post-image\" alt=\"\" srcset=\"https:\/\/blog3.alquilerargentina.com\/wp-content\/uploads\/2025\/01\/Carnaval-2.png 1000w, https:\/\/blog3.alquilerargentina.com\/wp-content\/uploads\/2025\/01\/Carnaval-2-300x210.png 300w, https:\/\/blog3.alquilerargentina.com\/wp-content\/uploads\/2025\/01\/Carnaval-2-44x31.png 44w, https:\/\/blog3.alquilerargentina.com\/wp-content\/uploads\/2025\/01\/Carnaval-2-571x400.png 571w\" sizes=\"(max-width: 1000px) 100vw, 1000px\" \/><\/a><\/div><div class=\"w-vwrapper usg_vwrapper_1 align_none valign_top\" style=\"--vwrapper-gap:0.4rem\"><time class=\"w-post-elm post_date usg_post_date_1 entry-date published\" datetime=\"2025-01-29T16:16:35-03:00\" title=\"29 enero 2025 a las 16:16:35 -03:00\">01\/29\/2025<\/time><p class=\"w-post-elm post_title usg_post_title_1 entry-title color_link_inherit\"><a href=\"https:\/\/www.alquilerargentina.com\/blog\/duenos\/como-aumentar-las-visitas-en-tus-anuncios.html\">C\u00f3mo aumentar las visitas en tus anuncios<\/a><\/p><div class=\"w-post-elm post_content usg_post_content_1\">\u00bfQuer\u00e9s atraer m\u00e1s turistas a tu alojamiento en Alquiler Argentina? Segu\u00ed estos sencillos pasos para mejorar tus anuncios, mejorar tu&hellip;<\/div><\/div>\t\t<\/div>\r\n\t\t\t<\/article>\r\n\t<article class=\"w-grid-item post-45356 post type-post status-publish format-standard has-post-thumbnail hentry category-duenos\" data-id=\"45356\">\r\n\t\t<div class=\"w-grid-item-h\">\r\n\t\t\t\t\t\t<div class=\"w-post-elm post_image usg_post_image_1 has_ratio\"><div style=\"padding-bottom:75%\"><\/div><a href=\"https:\/\/www.alquilerargentina.com\/blog\/duenos\/llego-veranear-potencia-tus-publicaciones-con-herramientas-graficas.html\" aria-label=\"Lleg\u00f3 #Veranear: \u00a1potenci\u00e1 tus redes sociales con herramientas gr\u00e1ficas!\"><img loading=\"lazy\" decoding=\"async\" width=\"1000\" height=\"700\" src=\"https:\/\/blog3.alquilerargentina.com\/wp-content\/uploads\/2025\/01\/blog_1000x70px.jpg\" class=\"attachment-full size-full wp-post-image\" alt=\"\" srcset=\"https:\/\/blog3.alquilerargentina.com\/wp-content\/uploads\/2025\/01\/blog_1000x70px.jpg 1000w, https:\/\/blog3.alquilerargentina.com\/wp-content\/uploads\/2025\/01\/blog_1000x70px-300x210.jpg 300w, https:\/\/blog3.alquilerargentina.com\/wp-content\/uploads\/2025\/01\/blog_1000x70px-44x31.jpg 44w, https:\/\/blog3.alquilerargentina.com\/wp-content\/uploads\/2025\/01\/blog_1000x70px-571x400.jpg 571w\" sizes=\"(max-width: 1000px) 100vw, 1000px\" \/><\/a><\/div><div class=\"w-vwrapper usg_vwrapper_1 align_none valign_top\" style=\"--vwrapper-gap:0.4rem\"><time class=\"w-post-elm post_date usg_post_date_1 entry-date published\" datetime=\"2025-01-03T11:07:06-03:00\" title=\"3 enero 2025 a las 11:07:06 -03:00\">01\/03\/2025<\/time><p class=\"w-post-elm post_title usg_post_title_1 entry-title color_link_inherit\"><a href=\"https:\/\/www.alquilerargentina.com\/blog\/duenos\/llego-veranear-potencia-tus-publicaciones-con-herramientas-graficas.html\">Lleg\u00f3 #Veranear: \u00a1potenci\u00e1 tus redes sociales&hellip;<\/a><\/p><div class=\"w-post-elm post_content usg_post_content_1\">Con la llegada del verano, las oportunidades para aumentar tus reservas se multiplican. En Alquiler Argentina, queremos acompa\u00f1arte en este&hellip;<\/div><\/div>\t\t<\/div>\r\n\t\t\t<\/article>\r\n<\/div><div class=\"w-grid-preloader\">\t<div class=\"g-preloader type_1\">\r\n\t\t<div><\/div>\r\n\t<\/div>\r\n\t<\/div>\t<div class=\"w-grid-json hidden\" onclick='return {&quot;action&quot;:&quot;us_ajax_grid&quot;,&quot;infinite_scroll&quot;:0,&quot;max_num_pages&quot;:2,&quot;pagination&quot;:&quot;none&quot;,&quot;template_vars&quot;:{&quot;columns&quot;:&quot;2&quot;,&quot;exclude_items&quot;:&quot;prev&quot;,&quot;img_size&quot;:&quot;full&quot;,&quot;ignore_items_size&quot;:&quot;1&quot;,&quot;items_layout&quot;:&quot;44648&quot;,&quot;items_offset&quot;:&quot;1&quot;,&quot;load_animation&quot;:&quot;none&quot;,&quot;overriding_link&quot;:&quot;%7B%22url%22%3A%22%22%7D&quot;,&quot;post_id&quot;:0,&quot;query_args&quot;:{&quot;ignore_sticky_posts&quot;:1,&quot;post_type&quot;:&quot;any&quot;,&quot;post__in&quot;:[&quot;45356&quot;,&quot;45386&quot;,&quot;44468&quot;,&quot;45225&quot;],&quot;post__not_in&quot;:[45377,21348,45335,17959,45377,45298],&quot;posts_per_page&quot;:&quot;2&quot;},&quot;orderby_query_args&quot;:{&quot;orderby&quot;:{&quot;date&quot;:&quot;DESC&quot;}},&quot;type&quot;:&quot;grid&quot;,&quot;us_grid_post_type&quot;:&quot;ids&quot;,&quot;us_grid_ajax_index&quot;:3,&quot;us_grid_filter_params&quot;:[],&quot;us_grid_index&quot;:3,&quot;page_args&quot;:[]}}'><\/div>\r\n\t<\/div><div class=\"w-separator size_medium\"><\/div><h2 class=\"w-text us_custom_4c5481fc\"><span class=\"w-text-h\"><span class=\"w-text-value\">Destinos<\/span><\/span><\/h2><div class=\"w-grid type_metro layout_44656 ratio_1x1\" id=\"us_grid_4\" style=\"--gap:8px;\" data-filterable=\"true\"><style>#us_grid_4 .w-grid-item-h:before{padding-bottom:100%}.layout_44656 .w-grid-item-h:before{padding-bottom:100%}@media (min-width:601px){.layout_44656 .w-grid-item.size_1x2 .w-grid-item-h:before{padding-bottom:calc(200% + var(--gap,0px) * 2)}.layout_44656 .w-grid-item.size_2x1 .w-grid-item-h:before{padding-bottom:calc(50% - var(--gap,0px) * 1)}.layout_44656 .w-grid-item.size_2x2 .w-grid-item-h:before{padding-bottom:calc(100% - var(--gap,0px) * 0)}}.layout_44656 .w-grid-item-h{background:#333;border-radius:0.3rem;box-shadow:0 0.03rem 0.06rem rgba(0,0,0,0.1),0 0.1rem 0.3rem rgba(0,0,0,0.1);transition-duration:0.3s}.no-touch .layout_44656 .w-grid-item-h:hover{box-shadow:0 0.12rem 0.24rem rgba(0,0,0,0.1),0 0.4rem 1.2rem rgba(0,0,0,0.15);z-index:4}.layout_44656 .usg_post_image_1{transition-duration:0.3s;transform-origin:50% 50%;transform:scale(1) translate(0%,0%)}.layout_44656 .w-grid-item-h:hover .usg_post_image_1{transform:scale(1.1) translate(0%,0%);opacity:1}.layout_44656 .usg_vwrapper_1{position:absolute!important;left:0!important;bottom:0!important;right:0!important;padding:7%!important;background:linear-gradient(0deg,#000000,rgba(0,0,0,0.10))!important}.layout_44656 .usg_post_title_2{color:#fff!important;font-size:1rem!important;font-weight:700!important}@media (max-width:600px){.layout_44656 .usg_post_title_2{font-size:1.2rem!important}}<\/style><div class=\"w-grid-list\">\t<article class=\"w-grid-item size_1x1 post-24738 post type-post status-publish format-standard has-post-thumbnail hentry category-destinos\" data-id=\"24738\">\r\n\t\t<div class=\"w-grid-item-h\">\r\n\t\t\t\t\t\t<div class=\"w-post-elm post_image usg_post_image_1 has_ratio\"><div style=\"padding-bottom:133.3333%\"><\/div><a href=\"https:\/\/www.alquilerargentina.com\/blog\/destinos\/lugares-de-argentina-para-viajar-con-tu-pareja.html\" aria-label=\"10 lugares de Argentina para viajar con tu pareja\"><img loading=\"lazy\" decoding=\"async\" width=\"1000\" height=\"700\" src=\"https:\/\/blog3.alquilerargentina.com\/wp-content\/uploads\/2018\/01\/10-lugares-de-Argentina-para-viajar-con-tu-pareja-portada.jpg\" class=\"attachment-full size-full wp-post-image\" alt=\"\" srcset=\"https:\/\/blog3.alquilerargentina.com\/wp-content\/uploads\/2018\/01\/10-lugares-de-Argentina-para-viajar-con-tu-pareja-portada.jpg 1000w, https:\/\/blog3.alquilerargentina.com\/wp-content\/uploads\/2018\/01\/10-lugares-de-Argentina-para-viajar-con-tu-pareja-portada-300x210.jpg 300w, https:\/\/blog3.alquilerargentina.com\/wp-content\/uploads\/2018\/01\/10-lugares-de-Argentina-para-viajar-con-tu-pareja-portada-768x538.jpg 768w\" sizes=\"(max-width: 1000px) 100vw, 1000px\" \/><\/a><\/div><div class=\"w-vwrapper usg_vwrapper_1 align_none valign_top\"><p class=\"w-post-elm post_title usg_post_title_2 has_text_color entry-title color_link_inherit\"><a href=\"https:\/\/www.alquilerargentina.com\/blog\/destinos\/lugares-de-argentina-para-viajar-con-tu-pareja.html\">10 lugares de Argentina para viajar con tu pareja<\/a><\/p><\/div>\t\t<\/div>\r\n\t\t\t<\/article>\r\n\t<article class=\"w-grid-item size_1x1 post-29789 post type-post status-publish format-standard has-post-thumbnail hentry category-destinos\" data-id=\"29789\">\r\n\t\t<div class=\"w-grid-item-h\">\r\n\t\t\t\t\t\t<div class=\"w-post-elm post_image usg_post_image_1 has_ratio\"><div style=\"padding-bottom:133.3333%\"><\/div><a href=\"https:\/\/www.alquilerargentina.com\/blog\/destinos\/5-playas-de-entre-rios.html\" aria-label=\"Las 5 mejores playas de Entre R\u00edos para este verano\"><img loading=\"lazy\" decoding=\"async\" width=\"1000\" height=\"700\" src=\"https:\/\/blog3.alquilerargentina.com\/wp-content\/uploads\/2018\/12\/las-5-mejores-playas-de-Entre-Rios-portada.jpg\" class=\"attachment-full size-full wp-post-image\" alt=\"\" srcset=\"https:\/\/blog3.alquilerargentina.com\/wp-content\/uploads\/2018\/12\/las-5-mejores-playas-de-Entre-Rios-portada.jpg 1000w, https:\/\/blog3.alquilerargentina.com\/wp-content\/uploads\/2018\/12\/las-5-mejores-playas-de-Entre-Rios-portada-300x210.jpg 300w, https:\/\/blog3.alquilerargentina.com\/wp-content\/uploads\/2018\/12\/las-5-mejores-playas-de-Entre-Rios-portada-768x538.jpg 768w\" sizes=\"(max-width: 1000px) 100vw, 1000px\" \/><\/a><\/div><div class=\"w-vwrapper usg_vwrapper_1 align_none valign_top\"><p class=\"w-post-elm post_title usg_post_title_2 has_text_color entry-title color_link_inherit\"><a href=\"https:\/\/www.alquilerargentina.com\/blog\/destinos\/5-playas-de-entre-rios.html\">Las 5 mejores playas de Entre R\u00edos para este verano<\/a><\/p><\/div>\t\t<\/div>\r\n\t\t\t<\/article>\r\n\t<article class=\"w-grid-item size_1x1 post-45323 post type-post status-publish format-standard has-post-thumbnail hentry category-destinos\" data-id=\"45323\">\r\n\t\t<div class=\"w-grid-item-h\">\r\n\t\t\t\t\t\t<div class=\"w-post-elm post_image usg_post_image_1 has_ratio\"><div style=\"padding-bottom:133.3333%\"><\/div><a href=\"https:\/\/www.alquilerargentina.com\/blog\/destinos\/destinos-emergentes-en-argentina-para-visitar-antes-que-nadie.html\" aria-label=\"Destinos emergentes en Argentina para visitar antes que nadie\"><img loading=\"lazy\" decoding=\"async\" width=\"1000\" height=\"700\" src=\"https:\/\/blog3.alquilerargentina.com\/wp-content\/uploads\/2024\/12\/Destinos-emergentes.jpg\" class=\"attachment-full size-full wp-post-image\" alt=\"\" srcset=\"https:\/\/blog3.alquilerargentina.com\/wp-content\/uploads\/2024\/12\/Destinos-emergentes.jpg 1000w, https:\/\/blog3.alquilerargentina.com\/wp-content\/uploads\/2024\/12\/Destinos-emergentes-300x210.jpg 300w, https:\/\/blog3.alquilerargentina.com\/wp-content\/uploads\/2024\/12\/Destinos-emergentes-44x31.jpg 44w, https:\/\/blog3.alquilerargentina.com\/wp-content\/uploads\/2024\/12\/Destinos-emergentes-571x400.jpg 571w\" sizes=\"(max-width: 1000px) 100vw, 1000px\" \/><\/a><\/div><div class=\"w-vwrapper usg_vwrapper_1 align_none valign_top\"><p class=\"w-post-elm post_title usg_post_title_2 has_text_color entry-title color_link_inherit\"><a href=\"https:\/\/www.alquilerargentina.com\/blog\/destinos\/destinos-emergentes-en-argentina-para-visitar-antes-que-nadie.html\">Destinos emergentes en Argentina para visitar antes que nadie<\/a><\/p><\/div>\t\t<\/div>\r\n\t\t\t<\/article>\r\n\t<article class=\"w-grid-item size_1x1 post-45318 post type-post status-publish format-standard has-post-thumbnail hentry category-destinos\" data-id=\"45318\">\r\n\t\t<div class=\"w-grid-item-h\">\r\n\t\t\t\t\t\t<div class=\"w-post-elm post_image usg_post_image_1 has_ratio\"><div style=\"padding-bottom:133.3333%\"><\/div><a href=\"https:\/\/www.alquilerargentina.com\/blog\/destinos\/explora-mendoza-a-caballo-cabalgatas-por-vinedos-y-montanas.html\" aria-label=\"Explor\u00e1 Mendoza a Caballo: Cabalgatas por Vi\u00f1edos y Monta\u00f1as\"><img loading=\"lazy\" decoding=\"async\" width=\"1000\" height=\"700\" src=\"https:\/\/blog3.alquilerargentina.com\/wp-content\/uploads\/2024\/12\/Mendoza-a-caballo.jpg\" class=\"attachment-full size-full wp-post-image\" alt=\"\" srcset=\"https:\/\/blog3.alquilerargentina.com\/wp-content\/uploads\/2024\/12\/Mendoza-a-caballo.jpg 1000w, https:\/\/blog3.alquilerargentina.com\/wp-content\/uploads\/2024\/12\/Mendoza-a-caballo-300x210.jpg 300w, https:\/\/blog3.alquilerargentina.com\/wp-content\/uploads\/2024\/12\/Mendoza-a-caballo-44x31.jpg 44w, https:\/\/blog3.alquilerargentina.com\/wp-content\/uploads\/2024\/12\/Mendoza-a-caballo-571x400.jpg 571w\" sizes=\"(max-width: 1000px) 100vw, 1000px\" \/><\/a><\/div><div class=\"w-vwrapper usg_vwrapper_1 align_none valign_top\"><p class=\"w-post-elm post_title usg_post_title_2 has_text_color entry-title color_link_inherit\"><a href=\"https:\/\/www.alquilerargentina.com\/blog\/destinos\/explora-mendoza-a-caballo-cabalgatas-por-vinedos-y-montanas.html\">Explor\u00e1 Mendoza a Caballo: Cabalgatas por Vi\u00f1edos y Monta\u00f1as<\/a><\/p><\/div>\t\t<\/div>\r\n\t\t\t<\/article>\r\n\t<article class=\"w-grid-item size_1x1 post-41291 post type-post status-publish format-standard has-post-thumbnail hentry category-destinos\" data-id=\"41291\">\r\n\t\t<div class=\"w-grid-item-h\">\r\n\t\t\t\t\t\t<div class=\"w-post-elm post_image usg_post_image_1 has_ratio\"><div style=\"padding-bottom:133.3333%\"><\/div><a href=\"https:\/\/www.alquilerargentina.com\/blog\/destinos\/5-destinos-de-catamarca-para-descubrir.html\" aria-label=\"5 destinos de Catamarca para descubrir\"><img loading=\"lazy\" decoding=\"async\" width=\"1000\" height=\"700\" src=\"https:\/\/blog3.alquilerargentina.com\/wp-content\/uploads\/2021\/04\/5-lugares-de-Catamarca-londres-2.jpg\" class=\"attachment-full size-full wp-post-image\" alt=\"\" srcset=\"https:\/\/blog3.alquilerargentina.com\/wp-content\/uploads\/2021\/04\/5-lugares-de-Catamarca-londres-2.jpg 1000w, https:\/\/blog3.alquilerargentina.com\/wp-content\/uploads\/2021\/04\/5-lugares-de-Catamarca-londres-2-300x210.jpg 300w, https:\/\/blog3.alquilerargentina.com\/wp-content\/uploads\/2021\/04\/5-lugares-de-Catamarca-londres-2-768x538.jpg 768w\" sizes=\"(max-width: 1000px) 100vw, 1000px\" \/><\/a><\/div><div class=\"w-vwrapper usg_vwrapper_1 align_none valign_top\"><p class=\"w-post-elm post_title usg_post_title_2 has_text_color entry-title color_link_inherit\"><a href=\"https:\/\/www.alquilerargentina.com\/blog\/destinos\/5-destinos-de-catamarca-para-descubrir.html\">5 destinos de Catamarca para descubrir<\/a><\/p><\/div>\t\t<\/div>\r\n\t\t\t<\/article>\r\n\t<article class=\"w-grid-item size_1x1 post-35486 post type-post status-publish format-standard has-post-thumbnail hentry category-destinos\" data-id=\"35486\">\r\n\t\t<div class=\"w-grid-item-h\">\r\n\t\t\t\t\t\t<div class=\"w-post-elm post_image usg_post_image_1 has_ratio\"><div style=\"padding-bottom:133.3333%\"><\/div><a href=\"https:\/\/www.alquilerargentina.com\/blog\/destinos\/agenda-estos-5-destinos-en-cordoba-para-las-vacaciones-2020.html\" aria-label=\"5 destinos en C\u00f3rdoba para descansar todo el a\u00f1o\"><img loading=\"lazy\" decoding=\"async\" width=\"1000\" height=\"700\" src=\"https:\/\/blog3.alquilerargentina.com\/wp-content\/uploads\/2019\/10\/5-destinos-en-c\u00f3rdoba-para-las-vacaciones-2020-portada.jpg\" class=\"attachment-full size-full wp-post-image\" alt=\"\" srcset=\"https:\/\/blog3.alquilerargentina.com\/wp-content\/uploads\/2019\/10\/5-destinos-en-c\u00f3rdoba-para-las-vacaciones-2020-portada.jpg 1000w, https:\/\/blog3.alquilerargentina.com\/wp-content\/uploads\/2019\/10\/5-destinos-en-c\u00f3rdoba-para-las-vacaciones-2020-portada-300x210.jpg 300w, https:\/\/blog3.alquilerargentina.com\/wp-content\/uploads\/2019\/10\/5-destinos-en-c\u00f3rdoba-para-las-vacaciones-2020-portada-768x538.jpg 768w\" sizes=\"(max-width: 1000px) 100vw, 1000px\" \/><\/a><\/div><div class=\"w-vwrapper usg_vwrapper_1 align_none valign_top\"><p class=\"w-post-elm post_title usg_post_title_2 has_text_color entry-title color_link_inherit\"><a href=\"https:\/\/www.alquilerargentina.com\/blog\/destinos\/agenda-estos-5-destinos-en-cordoba-para-las-vacaciones-2020.html\">5 destinos en C\u00f3rdoba para descansar todo el a\u00f1o<\/a><\/p><\/div>\t\t<\/div>\r\n\t\t\t<\/article>\r\n<\/div><div class=\"w-grid-preloader\">\t<div class=\"g-preloader type_1\">\r\n\t\t<div><\/div>\r\n\t<\/div>\r\n\t<\/div>\t<div class=\"w-grid-json hidden\" onclick='return {&quot;action&quot;:&quot;us_ajax_grid&quot;,&quot;infinite_scroll&quot;:0,&quot;max_num_pages&quot;:87,&quot;pagination&quot;:&quot;none&quot;,&quot;template_vars&quot;:{&quot;columns&quot;:&quot;2&quot;,&quot;exclude_items&quot;:&quot;prev&quot;,&quot;img_size&quot;:&quot;full&quot;,&quot;ignore_items_size&quot;:0,&quot;items_layout&quot;:&quot;44656&quot;,&quot;items_offset&quot;:&quot;1&quot;,&quot;load_animation&quot;:&quot;none&quot;,&quot;overriding_link&quot;:&quot;%7B%22url%22%3A%22%22%7D&quot;,&quot;post_id&quot;:0,&quot;query_args&quot;:{&quot;post_type&quot;:[&quot;post&quot;],&quot;tax_query&quot;:[{&quot;taxonomy&quot;:&quot;category&quot;,&quot;field&quot;:&quot;slug&quot;,&quot;terms&quot;:[&quot;destinos&quot;]}],&quot;post_status&quot;:[&quot;publish&quot;],&quot;ignore_sticky_posts&quot;:1,&quot;post__not_in&quot;:[45377,21348,45335,17959,45377,45298,45386,45356],&quot;posts_per_page&quot;:&quot;6&quot;},&quot;orderby_query_args&quot;:{&quot;orderby&quot;:{&quot;date&quot;:&quot;DESC&quot;}},&quot;type&quot;:&quot;metro&quot;,&quot;us_grid_post_type&quot;:&quot;post&quot;,&quot;us_grid_ajax_index&quot;:4,&quot;us_grid_filter_params&quot;:[],&quot;us_grid_index&quot;:4,&quot;page_args&quot;:[]}}'><\/div>\r\n\t<\/div><div class=\"w-separator size_medium\"><\/div><div class=\"w-grid type_grid layout_44648 cols_2 overflow_hidden\" id=\"us_grid_5\" style=\"--gap:16px;\" data-filterable=\"true\"><style>@media (max-width:767px){#us_grid_5 .w-grid-list{margin:0}#us_grid_5 .w-grid-item{width:100%;padding:0;margin-bottom:var(--gap,0px)}}<\/style><div class=\"w-grid-list\">\t<article class=\"w-grid-item size_1x1 post-45291 post type-post status-publish format-standard has-post-thumbnail hentry category-tips\" data-id=\"45291\">\r\n\t\t<div class=\"w-grid-item-h\">\r\n\t\t\t\t\t\t<div class=\"w-post-elm post_image usg_post_image_1 has_ratio\"><div style=\"padding-bottom:75%\"><\/div><a href=\"https:\/\/www.alquilerargentina.com\/blog\/tips\/como-armar-un-presupuesto-de-viaje-para-viajar-barato.html\" aria-label=\"C\u00f3mo armar un presupuesto de viaje para viajar barato\"><img loading=\"lazy\" decoding=\"async\" width=\"1000\" height=\"700\" src=\"https:\/\/blog3.alquilerargentina.com\/wp-content\/uploads\/2024\/11\/como-viajar-barato.png\" class=\"attachment-full size-full wp-post-image\" alt=\"\" srcset=\"https:\/\/blog3.alquilerargentina.com\/wp-content\/uploads\/2024\/11\/como-viajar-barato.png 1000w, https:\/\/blog3.alquilerargentina.com\/wp-content\/uploads\/2024\/11\/como-viajar-barato-300x210.png 300w, https:\/\/blog3.alquilerargentina.com\/wp-content\/uploads\/2024\/11\/como-viajar-barato-44x31.png 44w, https:\/\/blog3.alquilerargentina.com\/wp-content\/uploads\/2024\/11\/como-viajar-barato-571x400.png 571w\" sizes=\"(max-width: 1000px) 100vw, 1000px\" \/><\/a><\/div><div class=\"w-vwrapper usg_vwrapper_1 align_none valign_top\" style=\"--vwrapper-gap:0.4rem\"><time class=\"w-post-elm post_date usg_post_date_1 entry-date published\" datetime=\"2024-11-29T14:01:58-03:00\" title=\"29 noviembre 2024 a las 14:01:58 -03:00\">11\/29\/2024<\/time><p class=\"w-post-elm post_title usg_post_title_1 entry-title color_link_inherit\"><a href=\"https:\/\/www.alquilerargentina.com\/blog\/tips\/como-armar-un-presupuesto-de-viaje-para-viajar-barato.html\">C\u00f3mo armar un presupuesto de viaje para viaja&hellip;<\/a><\/p><div class=\"w-post-elm post_content usg_post_content_1\">En tiempos de inflaci\u00f3n,\u00a0 viajar a veces parece m\u00e1s un sue\u00f1o que una realidad. La buena noticia es que con&hellip;<\/div><\/div>\t\t<\/div>\r\n\t\t\t<\/article>\r\n\t<article class=\"w-grid-item size_1x1 post-14970 post type-post status-publish format-standard has-post-thumbnail hentry category-tips\" data-id=\"14970\">\r\n\t\t<div class=\"w-grid-item-h\">\r\n\t\t\t\t\t\t<div class=\"w-post-elm post_image usg_post_image_1 has_ratio\"><div style=\"padding-bottom:75%\"><\/div><a href=\"https:\/\/www.alquilerargentina.com\/blog\/tips\/primavera-esa-estacion-ideal-para-viajar-en-pareja.html\" aria-label=\"4 destinos para una escapada rom\u00e1ntica en primavera\"><img loading=\"lazy\" decoding=\"async\" width=\"785\" height=\"360\" src=\"https:\/\/blog3.alquilerargentina.com\/wp-content\/uploads\/2017\/01\/3-destinos-para-viajar-en-pareja-portada.jpg\" class=\"attachment-full size-full wp-post-image\" alt=\"escapada en pareja\" srcset=\"https:\/\/blog3.alquilerargentina.com\/wp-content\/uploads\/2017\/01\/3-destinos-para-viajar-en-pareja-portada.jpg 785w, https:\/\/blog3.alquilerargentina.com\/wp-content\/uploads\/2017\/01\/3-destinos-para-viajar-en-pareja-portada-300x138.jpg 300w, https:\/\/blog3.alquilerargentina.com\/wp-content\/uploads\/2017\/01\/3-destinos-para-viajar-en-pareja-portada-768x352.jpg 768w\" sizes=\"(max-width: 785px) 100vw, 785px\" \/><\/a><\/div><div class=\"w-vwrapper usg_vwrapper_1 align_none valign_top\" style=\"--vwrapper-gap:0.4rem\"><time class=\"w-post-elm post_date usg_post_date_1 entry-date published\" datetime=\"2024-08-28T09:35:38-03:00\" title=\"28 agosto 2024 a las 09:35:38 -03:00\">08\/28\/2024<\/time><p class=\"w-post-elm post_title usg_post_title_1 entry-title color_link_inherit\"><a href=\"https:\/\/www.alquilerargentina.com\/blog\/tips\/primavera-esa-estacion-ideal-para-viajar-en-pareja.html\">4 destinos para una escapada rom\u00e1ntica en pri&hellip;<\/a><\/p><div class=\"w-post-elm post_content usg_post_content_1\">La primavera trae flores&#8230; y mariposas en la panza. Es una estaci\u00f3n donde el amor florece, donde las parejas tallan\u00a0en&hellip;<\/div><\/div>\t\t<\/div>\r\n\t\t\t<\/article>\r\n<\/div><div class=\"w-grid-preloader\">\t<div class=\"g-preloader type_1\">\r\n\t\t<div><\/div>\r\n\t<\/div>\r\n\t<\/div>\t<div class=\"w-grid-json hidden\" onclick='return {&quot;action&quot;:&quot;us_ajax_grid&quot;,&quot;infinite_scroll&quot;:0,&quot;max_num_pages&quot;:138,&quot;pagination&quot;:&quot;none&quot;,&quot;template_vars&quot;:{&quot;columns&quot;:&quot;2&quot;,&quot;exclude_items&quot;:&quot;prev&quot;,&quot;img_size&quot;:&quot;full&quot;,&quot;ignore_items_size&quot;:0,&quot;items_layout&quot;:&quot;44648&quot;,&quot;items_offset&quot;:&quot;1&quot;,&quot;load_animation&quot;:&quot;none&quot;,&quot;overriding_link&quot;:&quot;%7B%22url%22%3A%22%22%7D&quot;,&quot;post_id&quot;:0,&quot;query_args&quot;:{&quot;post_type&quot;:[&quot;post&quot;],&quot;tax_query&quot;:[{&quot;taxonomy&quot;:&quot;category&quot;,&quot;field&quot;:&quot;slug&quot;,&quot;terms&quot;:[&quot;tips&quot;]}],&quot;post_status&quot;:[&quot;publish&quot;],&quot;ignore_sticky_posts&quot;:1,&quot;post__not_in&quot;:[45377,21348,45335,17959,45377,45298,45386,45356,24738,29789,45323,45318,41291,35486],&quot;posts_per_page&quot;:&quot;2&quot;},&quot;orderby_query_args&quot;:{&quot;orderby&quot;:{&quot;date&quot;:&quot;DESC&quot;}},&quot;type&quot;:&quot;grid&quot;,&quot;us_grid_post_type&quot;:&quot;post&quot;,&quot;us_grid_ajax_index&quot;:5,&quot;us_grid_filter_params&quot;:[],&quot;us_grid_index&quot;:5,&quot;page_args&quot;:[]}}'><\/div>\r\n\t<\/div><h2 class=\"w-text us_custom_4c5481fc\"><span class=\"w-text-h\"><span class=\"w-text-value\">Paseos y excursiones<\/span><\/span><\/h2><div class=\"w-grid type_metro layout_44656 ratio_1x1\" id=\"us_grid_6\" style=\"--gap:8px;\"><style>#us_grid_6 .w-grid-item-h:before{padding-bottom:100%}<\/style><div class=\"w-grid-list\">\t<article class=\"w-grid-item size_1x1 post-45055 post type-post status-publish format-standard has-post-thumbnail hentry category-paseos-y-excursiones\" data-id=\"45055\">\r\n\t\t<div class=\"w-grid-item-h\">\r\n\t\t\t\t\t\t<div class=\"w-post-elm post_image usg_post_image_1 has_ratio\"><div style=\"padding-bottom:133.3333%\"><\/div><a href=\"https:\/\/www.alquilerargentina.com\/blog\/paseos-y-excursiones\/cabalgatas-en-buenos-aires-un-paseo-unico.html\" aria-label=\"Cabalgatas en Buenos Aires: un paseo \u00fanico\"><img loading=\"lazy\" decoding=\"async\" width=\"1000\" height=\"700\" src=\"https:\/\/blog3.alquilerargentina.com\/wp-content\/uploads\/2024\/08\/Buenos-Aires-cabalgata.png\" class=\"attachment-full size-full wp-post-image\" alt=\"\" srcset=\"https:\/\/blog3.alquilerargentina.com\/wp-content\/uploads\/2024\/08\/Buenos-Aires-cabalgata.png 1000w, https:\/\/blog3.alquilerargentina.com\/wp-content\/uploads\/2024\/08\/Buenos-Aires-cabalgata-300x210.png 300w, https:\/\/blog3.alquilerargentina.com\/wp-content\/uploads\/2024\/08\/Buenos-Aires-cabalgata-44x31.png 44w, https:\/\/blog3.alquilerargentina.com\/wp-content\/uploads\/2024\/08\/Buenos-Aires-cabalgata-571x400.png 571w\" sizes=\"(max-width: 1000px) 100vw, 1000px\" \/><\/a><\/div><div class=\"w-vwrapper usg_vwrapper_1 align_none valign_top\"><p class=\"w-post-elm post_title usg_post_title_2 has_text_color entry-title color_link_inherit\"><a href=\"https:\/\/www.alquilerargentina.com\/blog\/paseos-y-excursiones\/cabalgatas-en-buenos-aires-un-paseo-unico.html\">Cabalgatas en Buenos Aires: un paseo \u00fanico<\/a><\/p><\/div>\t\t<\/div>\r\n\t\t\t<\/article>\r\n<\/div><div class=\"w-grid-preloader\">\t<div class=\"g-preloader type_1\">\r\n\t\t<div><\/div>\r\n\t<\/div>\r\n\t<\/div>\t<div class=\"w-grid-json hidden\" onclick='return {&quot;action&quot;:&quot;us_ajax_grid&quot;,&quot;infinite_scroll&quot;:0,&quot;max_num_pages&quot;:1,&quot;pagination&quot;:&quot;none&quot;,&quot;template_vars&quot;:{&quot;columns&quot;:&quot;2&quot;,&quot;exclude_items&quot;:&quot;prev&quot;,&quot;img_size&quot;:&quot;full&quot;,&quot;ignore_items_size&quot;:0,&quot;items_layout&quot;:&quot;44656&quot;,&quot;items_offset&quot;:&quot;1&quot;,&quot;load_animation&quot;:&quot;none&quot;,&quot;overriding_link&quot;:&quot;%7B%22url%22%3A%22%22%7D&quot;,&quot;post_id&quot;:0,&quot;query_args&quot;:{&quot;ignore_sticky_posts&quot;:1,&quot;post_type&quot;:&quot;any&quot;,&quot;post__in&quot;:[&quot;45055&quot;],&quot;post__not_in&quot;:[45377,21348,45335,17959,45377,45298,45386,45356,24738,29789,45323,45318,41291,35486,45291,14970],&quot;posts_per_page&quot;:&quot;6&quot;},&quot;orderby_query_args&quot;:{&quot;orderby&quot;:{&quot;date&quot;:&quot;DESC&quot;}},&quot;type&quot;:&quot;metro&quot;,&quot;us_grid_post_type&quot;:&quot;ids&quot;,&quot;us_grid_ajax_index&quot;:6,&quot;us_grid_filter_params&quot;:[],&quot;us_grid_index&quot;:6,&quot;page_args&quot;:[]}}'><\/div>\r\n\t<\/div><div class=\"w-separator size_medium\"><\/div><\/div><\/div><div class=\"wpb_column vc_column_container\"><div class=\"vc_column-inner\"><p class=\"w-text us_custom_af9f2a0f\"><span class=\"w-text-h\"><span class=\"w-text-value\">Seguinos<\/span><\/span><\/p><div class=\"w-socials us_custom_f73f4019 color_link shape_rounded style_default hover_fade\" style=\"--gap:1px;\"><div class=\"w-socials-list\"><div class=\"w-socials-item facebook\"><a target=\"_blank\" rel=\"nofollow\" href=\"https:\/\/www.facebook.com\/alquilerargentina\" class=\"w-socials-item-link\" title=\"Facebook\" aria-label=\"Facebook\"><span class=\"w-socials-item-link-hover\"><\/span><i class=\"fab fa-facebook\"><\/i><\/a><div class=\"w-socials-item-popup\"><span>Facebook<\/span><\/div><\/div><div class=\"w-socials-item instagram\"><a target=\"_blank\" rel=\"nofollow\" href=\"https:\/\/www.instagram.com\/alquilerargentina\/\" class=\"w-socials-item-link\" title=\"Instagram\" aria-label=\"Instagram\"><span class=\"w-socials-item-link-hover\"><\/span><i class=\"fab fa-instagram\"><\/i><\/a><div class=\"w-socials-item-popup\"><span>Instagram<\/span><\/div><\/div><div class=\"w-socials-item youtube\"><a target=\"_blank\" rel=\"nofollow\" href=\"https:\/\/www.youtube.com\/@AlquilerargentinaWeb\" class=\"w-socials-item-link\" title=\"YouTube\" aria-label=\"YouTube\"><span class=\"w-socials-item-link-hover\"><\/span><i class=\"fab fa-youtube\"><\/i><\/a><div class=\"w-socials-item-popup\"><span>YouTube<\/span><\/div><\/div><\/div><\/div><div class=\"w-separator size_small\"><\/div><div class=\"w-image align_none\"><a target=\"_blank\" href=\" https:\/\/www.alquilerargentina.com\/Argentina\/_M:T\/?utm_source=blog&amp;utm_medium=banner&amp;utm_campaign=reserva\" aria-label=\"banner_600x400px\" class=\"w-image-h\"><img decoding=\"async\" width=\"600\" height=\"400\" src=\"https:\/\/blog3.alquilerargentina.com\/wp-content\/uploads\/2024\/08\/banner_600x400px.gif\" class=\"attachment-full size-full\" alt=\"\" loading=\"lazy\" \/><\/a><\/div><\/div><\/div><\/div><\/div><\/section>\n","protected":false},"excerpt":{"rendered":"Buenos Aires y sus alrededores ofrecen una gran variedad de opciones para disfrutar de emocionantes cabalgatas y sumergirte en la cultura gaucha. \u00a1Descubr\u00ed los mejores lugares para montar a caballo y conectar con la naturaleza! Donde hacer cabalgata en Buenos Aires Estancias en Pilar: Muchos establecimientos rurales en Pilar ofrecen paseos a caballo, combinados con...","protected":false},"author":1,"featured_media":0,"parent":0,"menu_order":0,"comment_status":"closed","ping_status":"closed","template":"","meta":{"footnotes":""},"_links":{"self":[{"href":"https:\/\/www.alquilerargentina.com\/blog\/wp-json\/wp\/v2\/pages\/44632"}],"collection":[{"href":"https:\/\/www.alquilerargentina.com\/blog\/wp-json\/wp\/v2\/pages"}],"about":[{"href":"https:\/\/www.alquilerargentina.com\/blog\/wp-json\/wp\/v2\/types\/page"}],"author":[{"embeddable":true,"href":"https:\/\/www.alquilerargentina.com\/blog\/wp-json\/wp\/v2\/users\/1"}],"replies":[{"embeddable":true,"href":"https:\/\/www.alquilerargentina.com\/blog\/wp-json\/wp\/v2\/comments?post=44632"}],"version-history":[{"count":77,"href":"https:\/\/www.alquilerargentina.com\/blog\/wp-json\/wp\/v2\/pages\/44632\/revisions"}],"predecessor-version":[{"id":45393,"href":"https:\/\/www.alquilerargentina.com\/blog\/wp-json\/wp\/v2\/pages\/44632\/revisions\/45393"}],"wp:attachment":[{"href":"https:\/\/www.alquilerargentina.com\/blog\/wp-json\/wp\/v2\/media?parent=44632"}],"curies":[{"name":"wp","href":"https:\/\/api.w.org\/{rel}","templated":true}]}}